{"id":53,"date":"2016-01-26T17:10:44","date_gmt":"2016-01-26T15:10:44","guid":{"rendered":"http:\/\/draganvaljak.iz.hr\/?post_type=jetpack-portfolio&#038;p=53"},"modified":"2016-10-22T17:58:08","modified_gmt":"2016-10-22T15:58:08","slug":"mazda-start","status":"publish","type":"jetpack-portfolio","link":"http:\/\/draganvaljak.iz.hr\/hr\/portfolio\/mazda-start\/","title":{"rendered":"Mazda Start"},"content":{"rendered":"<p><div class=\"tiled-gallery type-rectangular tiled-gallery-unresized\" data-original-width=\"630\" data-carousel-extra='{&quot;blog_id&quot;:1,&quot;permalink&quot;:&quot;http:\\\/\\\/draganvaljak.iz.hr\\\/hr\\\/portfolio\\\/mazda-start\\\/&quot;,&quot;likes_blog_id&quot;:105947455}' itemscope itemtype=\"http:\/\/schema.org\/ImageGallery\" > <div class=\"gallery-row\" style=\"width: 630px; height: 500px;\" data-original-width=\"630\" data-original-height=\"500\" > <div class=\"gallery-group images-1\" style=\"width: 320px; height: 500px;\" data-original-width=\"320\" data-original-height=\"500\" > <div class=\"tiled-gallery-item tiled-gallery-item-large\" itemprop=\"associatedMedia\" itemscope itemtype=\"http:\/\/schema.org\/ImageObject\"> <a href=\"http:\/\/draganvaljak.iz.hr\/hr\/portfolio\/mazda-start\/mazda2\/\" border=\"0\" itemprop=\"url\"> <meta itemprop=\"width\" content=\"316\"> <meta itemprop=\"height\" content=\"496\"> <img decoding=\"async\" class=\"\" data-attachment-id=\"55\" data-orig-file=\"http:\/\/draganvaljak.iz.hr\/wp-content\/uploads\/2016\/01\/Mazda2.jpg\" data-orig-size=\"700,1101\" data-comments-opened=\"\" data-image-meta=\"{&quot;aperture&quot;:&quot;0&quot;,&quot;credit&quot;:&quot;&quot;,&quot;camera&quot;:&quot;&quot;,&quot;caption&quot;:&quot;&quot;,&quot;created_timestamp&quot;:&quot;0&quot;,&quot;copyright&quot;:&quot;&quot;,&quot;focal_length&quot;:&quot;0&quot;,&quot;iso&quot;:&quot;0&quot;,&quot;shutter_speed&quot;:&quot;0&quot;,&quot;title&quot;:&quot;&quot;,&quot;orientation&quot;:&quot;0&quot;}\" data-image-title=\"Mazda2\" data-image-description=\"\" data-medium-file=\"https:\/\/i0.wp.com\/draganvaljak.iz.hr\/wp-content\/uploads\/2016\/01\/Mazda2.jpg?fit=191%2C300\" data-large-file=\"https:\/\/i0.wp.com\/draganvaljak.iz.hr\/wp-content\/uploads\/2016\/01\/Mazda2.jpg?fit=630%2C991\" src=\"https:\/\/i0.wp.com\/draganvaljak.iz.hr\/wp-content\/uploads\/2016\/01\/Mazda2.jpg?w=316&#038;h=496\" srcset=\"https:\/\/i0.wp.com\/draganvaljak.iz.hr\/wp-content\/uploads\/2016\/01\/Mazda2.jpg?w=700 700w, https:\/\/i0.wp.com\/draganvaljak.iz.hr\/wp-content\/uploads\/2016\/01\/Mazda2.jpg?resize=191%2C300 191w, https:\/\/i0.wp.com\/draganvaljak.iz.hr\/wp-content\/uploads\/2016\/01\/Mazda2.jpg?resize=651%2C1024 651w, https:\/\/i0.wp.com\/draganvaljak.iz.hr\/wp-content\/uploads\/2016\/01\/Mazda2.jpg?resize=114%2C180 114w\" width=\"316\" height=\"496\" loading=\"lazy\" data-original-width=\"316\" data-original-height=\"496\" itemprop=\"http:\/\/schema.org\/image\" title=\"Mazda2\" alt=\"Mazda start szranica\" style=\"width: 316px; height: 496px;\" \/> <\/a> <\/div> <\/div> <!-- close group --> <div class=\"gallery-group images-1\" style=\"width: 310px; height: 500px;\" data-original-width=\"310\" data-original-height=\"500\" > <div class=\"tiled-gallery-item tiled-gallery-item-large\" itemprop=\"associatedMedia\" itemscope itemtype=\"http:\/\/schema.org\/ImageObject\"> <a href=\"http:\/\/draganvaljak.iz.hr\/hr\/portfolio\/mazda-start\/mazda3\/\" border=\"0\" itemprop=\"url\"> <meta itemprop=\"width\" content=\"306\"> <meta itemprop=\"height\" content=\"496\"> <img decoding=\"async\" class=\"\" data-attachment-id=\"56\" data-orig-file=\"http:\/\/draganvaljak.iz.hr\/wp-content\/uploads\/2016\/01\/Mazda3.jpg\" data-orig-size=\"700,1134\" data-comments-opened=\"\" data-image-meta=\"{&quot;aperture&quot;:&quot;0&quot;,&quot;credit&quot;:&quot;&quot;,&quot;camera&quot;:&quot;&quot;,&quot;caption&quot;:&quot;&quot;,&quot;created_timestamp&quot;:&quot;0&quot;,&quot;copyright&quot;:&quot;&quot;,&quot;focal_length&quot;:&quot;0&quot;,&quot;iso&quot;:&quot;0&quot;,&quot;shutter_speed&quot;:&quot;0&quot;,&quot;title&quot;:&quot;&quot;,&quot;orientation&quot;:&quot;0&quot;}\" data-image-title=\"Mazda3\" data-image-description=\"\" data-medium-file=\"https:\/\/i0.wp.com\/draganvaljak.iz.hr\/wp-content\/uploads\/2016\/01\/Mazda3.jpg?fit=185%2C300\" data-large-file=\"https:\/\/i0.wp.com\/draganvaljak.iz.hr\/wp-content\/uploads\/2016\/01\/Mazda3.jpg?fit=630%2C1021\" src=\"https:\/\/i0.wp.com\/draganvaljak.iz.hr\/wp-content\/uploads\/2016\/01\/Mazda3.jpg?w=306&#038;h=496\" srcset=\"https:\/\/i0.wp.com\/draganvaljak.iz.hr\/wp-content\/uploads\/2016\/01\/Mazda3.jpg?w=700 700w, https:\/\/i0.wp.com\/draganvaljak.iz.hr\/wp-content\/uploads\/2016\/01\/Mazda3.jpg?resize=185%2C300 185w, https:\/\/i0.wp.com\/draganvaljak.iz.hr\/wp-content\/uploads\/2016\/01\/Mazda3.jpg?resize=632%2C1024 632w, https:\/\/i0.wp.com\/draganvaljak.iz.hr\/wp-content\/uploads\/2016\/01\/Mazda3.jpg?resize=111%2C180 111w\" width=\"306\" height=\"496\" loading=\"lazy\" data-original-width=\"306\" data-original-height=\"496\" itemprop=\"http:\/\/schema.org\/image\" title=\"Mazda3\" alt=\"Mazda start kalendar\" style=\"width: 306px; height: 496px;\" \/> <\/a> <\/div> <\/div> <!-- close group --> <\/div> <!-- close row --> <div class=\"gallery-row\" style=\"width: 630px; height: 471px;\" data-original-width=\"630\" data-original-height=\"471\" > <div class=\"gallery-group images-1\" style=\"width: 630px; height: 471px;\" data-original-width=\"630\" data-original-height=\"471\" > <div class=\"tiled-gallery-item tiled-gallery-item-large\" itemprop=\"associatedMedia\" itemscope itemtype=\"http:\/\/schema.org\/ImageObject\"> <a href=\"http:\/\/draganvaljak.iz.hr\/hr\/portfolio\/mazda-start\/mazda1\/\" border=\"0\" itemprop=\"url\"> <meta itemprop=\"width\" content=\"626\"> <meta itemprop=\"height\" content=\"467\"> <img decoding=\"async\" class=\"\" data-attachment-id=\"54\" data-orig-file=\"http:\/\/draganvaljak.iz.hr\/wp-content\/uploads\/2016\/01\/Mazda1.jpg\" data-orig-size=\"600,448\" data-comments-opened=\"\" data-image-meta=\"{&quot;aperture&quot;:&quot;0&quot;,&quot;credit&quot;:&quot;&quot;,&quot;camera&quot;:&quot;&quot;,&quot;caption&quot;:&quot;&quot;,&quot;created_timestamp&quot;:&quot;0&quot;,&quot;copyright&quot;:&quot;&quot;,&quot;focal_length&quot;:&quot;0&quot;,&quot;iso&quot;:&quot;0&quot;,&quot;shutter_speed&quot;:&quot;0&quot;,&quot;title&quot;:&quot;&quot;,&quot;orientation&quot;:&quot;0&quot;}\" data-image-title=\"Mazda1\" data-image-description=\"&lt;p&gt;Naslovnica Mazda Start \u010cakovec&lt;\/p&gt; \" data-medium-file=\"https:\/\/i0.wp.com\/draganvaljak.iz.hr\/wp-content\/uploads\/2016\/01\/Mazda1.jpg?fit=300%2C224\" data-large-file=\"https:\/\/i0.wp.com\/draganvaljak.iz.hr\/wp-content\/uploads\/2016\/01\/Mazda1.jpg?fit=600%2C448\" src=\"https:\/\/i0.wp.com\/draganvaljak.iz.hr\/wp-content\/uploads\/2016\/01\/Mazda1.jpg?w=626&#038;h=467\" srcset=\"https:\/\/i0.wp.com\/draganvaljak.iz.hr\/wp-content\/uploads\/2016\/01\/Mazda1.jpg?w=600 600w, https:\/\/i0.wp.com\/draganvaljak.iz.hr\/wp-content\/uploads\/2016\/01\/Mazda1.jpg?resize=300%2C224 300w, https:\/\/i0.wp.com\/draganvaljak.iz.hr\/wp-content\/uploads\/2016\/01\/Mazda1.jpg?resize=241%2C180 241w\" width=\"626\" height=\"467\" loading=\"lazy\" data-original-width=\"626\" data-original-height=\"467\" itemprop=\"http:\/\/schema.org\/image\" title=\"Mazda1\" alt=\"Mazda start\" style=\"width: 626px; height: 467px;\" \/> <\/a> <\/div> <\/div> <!-- close group --> <\/div> <!-- close row --> <\/div><\/p>\n<p>Ukratko o referenci: START je ovla\u0161teni trgovac i serviser vozila MAZDA za Republiku Hrvatsku i kao takovo djeluje na podru\u010dju Me\u0111imurske i Vara\u017edinske \u017eupanije, a i \u0161ire&#8230;<br \/>\n<a href=\"http:\/\/www.convoy.hr\/testsite\/\" target=\"_blank\">www.mazda-start.hr<\/a><\/p>","protected":false},"excerpt":{"rendered":"<p>Ukratko o referenci: START je ovla\u0161teni trgovac i serviser vozila MAZDA za Republiku Hrvatsku i kao takovo djeluje na podru\u010dju Me\u0111imurske i Vara\u017edinske \u017eupanije, a i \u0161ire&#8230; www.mazda-start.hr<\/p>\n","protected":false},"author":1,"featured_media":54,"comment_status":"closed","ping_status":"closed","template":"","format":"standard","meta":[],"jetpack-portfolio-type":[31],"jetpack-portfolio-tag":[17,19,10,9,12,11,8],"jetpack_sharing_enabled":true,"_links":{"self":[{"href":"http:\/\/draganvaljak.iz.hr\/hr\/wp-json\/wp\/v2\/jetpack-portfolio\/53"}],"collection":[{"href":"http:\/\/draganvaljak.iz.hr\/hr\/wp-json\/wp\/v2\/jetpack-portfolio"}],"about":[{"href":"http:\/\/draganvaljak.iz.hr\/hr\/wp-json\/wp\/v2\/types\/jetpack-portfolio"}],"author":[{"embeddable":true,"href":"http:\/\/draganvaljak.iz.hr\/hr\/wp-json\/wp\/v2\/users\/1"}],"replies":[{"embeddable":true,"href":"http:\/\/draganvaljak.iz.hr\/hr\/wp-json\/wp\/v2\/comments?post=53"}],"version-history":[{"count":0,"href":"http:\/\/draganvaljak.iz.hr\/hr\/wp-json\/wp\/v2\/jetpack-portfolio\/53\/revisions"}],"wp:featuredmedia":[{"embeddable":true,"href":"http:\/\/draganvaljak.iz.hr\/hr\/wp-json\/wp\/v2\/media\/54"}],"wp:attachment":[{"href":"http:\/\/draganvaljak.iz.hr\/hr\/wp-json\/wp\/v2\/media?parent=53"}],"wp:term":[{"taxonomy":"jetpack-portfolio-type","embeddable":true,"href":"http:\/\/draganvaljak.iz.hr\/hr\/wp-json\/wp\/v2\/jetpack-portfolio-type?post=53"},{"taxonomy":"jetpack-portfolio-tag","embeddable":true,"href":"http:\/\/draganvaljak.iz.hr\/hr\/wp-json\/wp\/v2\/jetpack-portfolio-tag?post=53"}],"curies":[{"name":"wp","href":"https:\/\/api.w.org\/{rel}","templated":true}]}}